{"id":4902,"date":"2026-04-25T15:19:15","date_gmt":"2026-04-25T14:19:15","guid":{"rendered":"https:\/\/szentanna5.hu\/wp\/?page_id=4902"},"modified":"2026-04-25T15:55:38","modified_gmt":"2026-04-25T14:55:38","slug":"korusunk","status":"publish","type":"page","link":"https:\/\/szentanna5.hu\/wp\/?page_id=4902","title":{"rendered":"K\u00f3rusunk"},"content":{"rendered":"\t\t<div data-elementor-type=\"wp-page\" data-elementor-id=\"4902\" class=\"elementor elementor-4902\">\n\t\t\t\t<div class=\"elementor-element elementor-element-b0ad929 e-flex e-con-boxed e-con e-parent\" data-id=\"b0ad929\" data-element_type=\"container\" data-e-type=\"container\" id=\"K\u00f3rus\" data-settings=\"{&quot;background_background&quot;:&quot;classic&quot;}\">\n\t\t\t\t\t<div class=\"e-con-inner\">\n\t\t\t\t\t<\/div>\n\t\t\t\t<\/div>\n\t\t\t\t<section class=\"elementor-section elementor-top-section elementor-element elementor-element-529b951 elementor-section-boxed elementor-section-height-default elementor-section-height-default\" data-id=\"529b951\" data-element_type=\"section\" data-e-type=\"section\" data-settings=\"{&quot;background_background&quot;:&quot;classic&quot;}\">\n\t\t\t\t\t\t<div class=\"elementor-container elementor-column-gap-default\">\n\t\t\t\t\t<div class=\"elementor-column elementor-col-100 elementor-top-column elementor-element elementor-element-0dabd63\" data-id=\"0dabd63\" data-element_type=\"column\" data-e-type=\"column\" data-settings=\"{&quot;background_background&quot;:&quot;classic&quot;}\">\n\t\t\t<div class=\"elementor-widget-wrap elementor-element-populated\">\n\t\t\t\t\t\t<div class=\"elementor-element elementor-element-174dfbd elementor-widget__width-initial elementor-widget-tablet__width-initial elementor-widget elementor-widget-heading\" data-id=\"174dfbd\" data-element_type=\"widget\" data-e-type=\"widget\" data-widget_type=\"heading.default\">\n\t\t\t\t\t<h5 class=\"elementor-heading-title elementor-size-default\">Te Deum kamarak\u00f3rus<span style=\"font-weight: normal\"><\/span><\/h5>\t\t\t\t<\/div>\n\t\t\t\t\t<\/div>\n\t\t<\/div>\n\t\t\t\t\t<\/div>\n\t\t<\/section>\n\t\t<div class=\"elementor-element elementor-element-e84ba61 e-flex e-con-boxed e-con e-parent\" data-id=\"e84ba61\" data-element_type=\"container\" data-e-type=\"container\">\n\t\t\t\t\t<div class=\"e-con-inner\">\n\t\t\t\t<div class=\"elementor-element elementor-element-9bcfd55 elementor-widget elementor-widget-text-editor\" data-id=\"9bcfd55\" data-element_type=\"widget\" data-e-type=\"widget\" data-widget_type=\"text-editor.default\">\n\t\t\t\t\t\t\t\t\t<p>\u00a0<\/p><p>A k\u00f3rust 2022-ben alap\u00edtotta Horv\u00e1th M\u00e1rton Levente azzal a c\u00e9llal, hogy a Belv\u00e1rosi Szent Anna templom liturgi\u00e1inak zenei szolg\u00e1lat\u00e1t \u00fcnnep\u00e9lyesebb\u00e9 tegy\u00e9k. \u00c1ltal\u00e1ban havonta egy alkalommal \u00e9nekelnek a 11:30-as szentmis\u00e9n. M\u0171sorukon sz\u00e1mos kuri\u00f3zum szerepel, el\u0151szeretettel \u00e9nekelnek k\u00f6z\u00e9pkori \u00e9s renesz\u00e1nsz m\u0171veket valamint kort\u00e1rs egyh\u00e1zi zen\u00e9t. M\u0171k\u00f6d\u00e9s\u00fck els\u0151 h\u00e1rom \u00e9v\u00e9ben bemutatt\u00e1k Yves Castagnet, a p\u00e1rizsi Notre Dame orgonist\u00e1ja \u00e1ltal kompon\u00e1lt mis\u00e9t, valamint Zar\u00e1ndy \u00c1kos a k\u00f3rus sz\u00e1m\u00e1ra \u00edrt Missa Prima c. m\u0171v\u00e9t, adtak hangversenyt Kolozsv\u00e1ron a Magyar Egyh\u00e1zzenei Bienn\u00e1l\u00e9n, \u00e9s a Szervita t\u00e9ri orgonakoncert-sorozat rendszeres r\u00e9sztvev\u0151i.<\/p><p>\u00a0<\/p><p>A Te Deum Kamarak\u00f3rus karnagya \u00e9s templomunk zenei vezet\u0151je Horv\u00e1th M\u00e1rton Levente Erkel-d\u00edjas zeneszerz\u0151, orgonam\u0171v\u00e9sz, egyh\u00e1zzen\u00e9sz, a Liszt Ferenc Zenem\u0171v\u00e9szeti Egyetem Egyh\u00e1zzene Szak\u00e1nak docense.<\/p><p>\u00a0<\/p><p>Templomunk orgonam\u0171v\u00e9sz-k\u00e1ntora, k\u00f3rusunk tenor sz\u00f3lam\u00e1nak vezet\u0151je Oszaczki L\u00e1szl\u00f3.<\/p>\t\t\t\t\t\t\t\t<\/div>\n\t\t\t\t\t<\/div>\n\t\t\t\t<\/div>\n\t\t<div class=\"elementor-element elementor-element-eb8dc4f e-flex e-con-boxed e-con e-parent\" data-id=\"eb8dc4f\" data-element_type=\"container\" data-e-type=\"container\">\n\t\t\t\t\t<div class=\"e-con-inner\">\n\t\t\t\t\t\n<hr class=\"e-divider-base\" data-interaction-id=\"91f08be\"   \/>\n\t\t\t\t\t<\/div>\n\t\t\t\t<\/div>\n\t\t<div class=\"elementor-element elementor-element-67cb4b7 e-flex e-con-boxed e-con e-parent\" data-id=\"67cb4b7\" data-element_type=\"container\" data-e-type=\"container\">\n\t\t\t\t\t<div class=\"e-con-inner\">\n\t\t<div class=\"elementor-element elementor-element-fc70c30 e-con-full e-flex e-con e-child\" data-id=\"fc70c30\" data-element_type=\"container\" data-e-type=\"container\">\n\t\t\t\t\t\t\t\n\t\t<img class=\"e-image-base e-8d41d5d-560c8fe\" \n\t\t\t\t\tdata-interaction-id=\"8d41d5d\" \n\t\t \n\t\t \n\t\t\t\t\t\t\t\t\tid=\"4915\"\n\t\t\t\t\t\t\t\t\t\t\t\tsrc=\"https:\/\/szentanna5.hu\/wp\/wp-content\/uploads\/2026\/04\/Portre-HML-foto-Balog-Norbert-b-380x285.jpg\"\n\t\t\t\t\t\t\t\t\t\t\t\twidth=\"380\"\n\t\t\t\t\t\t\t\t\t\t\t\theight=\"285\"\n\t\t\t\t\t\t\t\t\t\t\t\tsrcset=\"https:\/\/szentanna5.hu\/wp\/wp-content\/uploads\/2026\/04\/Portre-HML-foto-Balog-Norbert-b-380x285.jpg 380w, https:\/\/szentanna5.hu\/wp\/wp-content\/uploads\/2026\/04\/Portre-HML-foto-Balog-Norbert-b-285x214.jpg 285w\"\n\t\t\t\t\t\t\t\t\t\t\t\talt=\"\"\n\t\t\t\t\t\t\/>\n\t\t\t\t\t<\/div>\n\t\t<div class=\"elementor-element elementor-element-90b8cec e-con-full e-flex e-con e-child\" data-id=\"90b8cec\" data-element_type=\"container\" data-e-type=\"container\">\n\t\t\t\t<div class=\"elementor-element elementor-element-be9413b elementor-widget elementor-widget-text-editor\" data-id=\"be9413b\" data-element_type=\"widget\" data-e-type=\"widget\" data-widget_type=\"text-editor.default\">\n\t\t\t\t\t\t\t\t\t<p>Horv\u00e1th M\u00e1rton Levente\u00a0<\/p>\t\t\t\t\t\t\t\t<\/div>\n\t\t\t\t<\/div>\n\t\t<div class=\"elementor-element elementor-element-2e73f8d e-con-full e-flex e-con e-child\" data-id=\"2e73f8d\" data-element_type=\"container\" data-e-type=\"container\">\n\t\t\t\t\t\t\t\n\t\t<img class=\"e-image-base \" \n\t\t\t\t\tdata-interaction-id=\"12aaa5d\" \n\t\t \n\t\t \n\t\t\t\t\t\t\t\t\tid=\"4912\"\n\t\t\t\t\t\t\t\t\t\t\t\tsrc=\"https:\/\/szentanna5.hu\/wp\/wp-content\/uploads\/2026\/04\/oszaczki-laci-380x285.jpg\"\n\t\t\t\t\t\t\t\t\t\t\t\twidth=\"380\"\n\t\t\t\t\t\t\t\t\t\t\t\theight=\"285\"\n\t\t\t\t\t\t\t\t\t\t\t\tsrcset=\"https:\/\/szentanna5.hu\/wp\/wp-content\/uploads\/2026\/04\/oszaczki-laci-380x285.jpg 380w, https:\/\/szentanna5.hu\/wp\/wp-content\/uploads\/2026\/04\/oszaczki-laci-285x214.jpg 285w\"\n\t\t\t\t\t\t\t\t\t\t\t\talt=\"\"\n\t\t\t\t\t\t\/>\n\t\t\t\t\t<\/div>\n\t\t<div class=\"elementor-element elementor-element-f63b8ad e-con-full e-flex e-con e-child\" data-id=\"f63b8ad\" data-element_type=\"container\" data-e-type=\"container\">\n\t\t\t\t<div class=\"elementor-element elementor-element-193cb21 elementor-widget elementor-widget-text-editor\" data-id=\"193cb21\" data-element_type=\"widget\" data-e-type=\"widget\" data-widget_type=\"text-editor.default\">\n\t\t\t\t\t\t\t\t\t<p>Oszaczki L\u00e1szl\u00f3<\/p>\t\t\t\t\t\t\t\t<\/div>\n\t\t\t\t<\/div>\n\t\t\t\t\t<\/div>\n\t\t\t\t<\/div>\n\t\t<div class=\"elementor-element elementor-element-c6478e7 e-flex e-con-boxed e-con e-parent\" data-id=\"c6478e7\" data-element_type=\"container\" data-e-type=\"container\">\n\t\t\t\t\t<div class=\"e-con-inner\">\n\t\t\t\t<div class=\"elementor-element elementor-element-b176654 elementor-button-warning elementor-align-center elementor-widget elementor-widget-button\" data-id=\"b176654\" data-element_type=\"widget\" data-e-type=\"widget\" data-widget_type=\"button.default\">\n\t\t\t\t\t\t\t\t\t\t<a class=\"elementor-button elementor-button-link elementor-size-sm\" href=\"https:\/\/szentanna5.hu\/wp\/\">\n\t\t\t\t\t\t<span class=\"elementor-button-content-wrapper\">\n\t\t\t\t\t\t\t\t\t<span class=\"elementor-button-text\">Kezd\u0151lap<\/span>\n\t\t\t\t\t<\/span>\n\t\t\t\t\t<\/a>\n\t\t\t\t\t\t\t\t<\/div>\n\t\t\t\t\t<\/div>\n\t\t\t\t<\/div>\n\t\t\t\t<\/div>\n\t\t","protected":false},"excerpt":{"rendered":"<p>Te Deum kamarak\u00f3rus \u00a0 A k\u00f3rust 2022-ben alap\u00edtotta Horv\u00e1th M\u00e1rton Levente azzal a c\u00e9llal, hogy a Belv\u00e1rosi Szent Anna templom liturgi\u00e1inak zenei szolg\u00e1lat\u00e1t \u00fcnnep\u00e9lyesebb\u00e9 tegy\u00e9k. \u00c1ltal\u00e1ban havonta egy alkalommal \u00e9nekelnek a 11:30-as szentmis\u00e9n. M\u0171sorukon sz\u00e1mos kuri\u00f3zum szerepel, el\u0151szeretettel \u00e9nekelnek k\u00f6z\u00e9pkori \u00e9s renesz\u00e1nsz m\u0171veket valamint kort\u00e1rs egyh\u00e1zi zen\u00e9t. M\u0171k\u00f6d\u00e9s\u00fck els\u0151 h\u00e1rom \u00e9v\u00e9ben bemutatt\u00e1k Yves Castagnet, a&hellip;<\/p>\n<p class=\"more-link\"><a href=\"https:\/\/szentanna5.hu\/wp\/?page_id=4902\" class=\"themebutton\">Read More<\/a><\/p>\n","protected":false},"author":1,"featured_media":0,"parent":0,"menu_order":0,"comment_status":"closed","ping_status":"closed","template":"elementor_canvas","meta":{"footnotes":""},"class_list":["post-4902","page","type-page","status-publish","hentry"],"_links":{"self":[{"href":"https:\/\/szentanna5.hu\/wp\/index.php?rest_route=\/wp\/v2\/pages\/4902","targetHints":{"allow":["GET"]}}],"collection":[{"href":"https:\/\/szentanna5.hu\/wp\/index.php?rest_route=\/wp\/v2\/pages"}],"about":[{"href":"https:\/\/szentanna5.hu\/wp\/index.php?rest_route=\/wp\/v2\/types\/page"}],"author":[{"embeddable":true,"href":"https:\/\/szentanna5.hu\/wp\/index.php?rest_route=\/wp\/v2\/users\/1"}],"replies":[{"embeddable":true,"href":"https:\/\/szentanna5.hu\/wp\/index.php?rest_route=%2Fwp%2Fv2%2Fcomments&post=4902"}],"version-history":[{"count":70,"href":"https:\/\/szentanna5.hu\/wp\/index.php?rest_route=\/wp\/v2\/pages\/4902\/revisions"}],"predecessor-version":[{"id":4993,"href":"https:\/\/szentanna5.hu\/wp\/index.php?rest_route=\/wp\/v2\/pages\/4902\/revisions\/4993"}],"wp:attachment":[{"href":"https:\/\/szentanna5.hu\/wp\/index.php?rest_route=%2Fwp%2Fv2%2Fmedia&parent=4902"}],"curies":[{"name":"wp","href":"https:\/\/api.w.org\/{rel}","templated":true}]}}