{"id":2448,"date":"2021-10-21T15:53:23","date_gmt":"2021-10-21T14:53:23","guid":{"rendered":"https:\/\/szentanna5.hu\/wp\/?page_id=2448"},"modified":"2026-03-04T14:48:49","modified_gmt":"2026-03-04T13:48:49","slug":"templom-tortenet","status":"publish","type":"page","link":"https:\/\/szentanna5.hu\/wp\/?page_id=2448","title":{"rendered":"Templom t\u00f6rt\u00e9net"},"content":{"rendered":"\t\t<div data-elementor-type=\"wp-page\" data-elementor-id=\"2448\" class=\"elementor elementor-2448\">\n\t\t\t\t\t\t<section class=\"elementor-section elementor-top-section elementor-element elementor-element-52273906 elementor-section-height-min-height elementor-section-full_width elementor-section-height-default elementor-section-items-middle elementor-invisible\" data-id=\"52273906\" data-element_type=\"section\" data-e-type=\"section\" data-settings=\"{&quot;background_background&quot;:&quot;classic&quot;,&quot;animation&quot;:&quot;fadeIn&quot;}\">\n\t\t\t\t\t\t<div class=\"elementor-container elementor-column-gap-default\">\n\t\t\t\t\t<div class=\"elementor-column elementor-col-100 elementor-top-column elementor-element elementor-element-af3b1a8\" data-id=\"af3b1a8\" data-element_type=\"column\" data-e-type=\"column\">\n\t\t\t<div class=\"elementor-widget-wrap\">\n\t\t\t\t\t\t\t<\/div>\n\t\t<\/div>\n\t\t\t\t\t<\/div>\n\t\t<\/section>\n\t\t\t\t<section class=\"elementor-section elementor-top-section elementor-element elementor-element-2df4c21d elementor-section-full_width elementor-section-height-default elementor-section-height-default\" data-id=\"2df4c21d\" data-element_type=\"section\" data-e-type=\"section\" data-settings=\"{&quot;background_background&quot;:&quot;classic&quot;}\">\n\t\t\t\t\t\t<div class=\"elementor-container elementor-column-gap-default\">\n\t\t\t\t\t<div class=\"elementor-column elementor-col-100 elementor-top-column elementor-element elementor-element-204268d6\" data-id=\"204268d6\" data-element_type=\"column\" data-e-type=\"column\" data-settings=\"{&quot;background_background&quot;:&quot;classic&quot;}\">\n\t\t\t<div class=\"elementor-widget-wrap elementor-element-populated\">\n\t\t\t\t\t\t<div class=\"elementor-element elementor-element-216078d2 elementor-widget elementor-widget-heading\" data-id=\"216078d2\" data-element_type=\"widget\" data-e-type=\"widget\" data-widget_type=\"heading.default\">\n\t\t\t\t\t<h2 class=\"elementor-heading-title elementor-size-large\">Templom t\u00f6rt\u00e9net<\/h2>\t\t\t\t<\/div>\n\t\t\t\t\t<\/div>\n\t\t<\/div>\n\t\t\t\t\t<\/div>\n\t\t<\/section>\n\t\t\t\t<section class=\"elementor-section elementor-top-section elementor-element elementor-element-26a2219 elementor-section-boxed elementor-section-height-default elementor-section-height-default\" data-id=\"26a2219\" data-element_type=\"section\" data-e-type=\"section\" data-settings=\"{&quot;background_background&quot;:&quot;classic&quot;}\">\n\t\t\t\t\t\t<div class=\"elementor-container elementor-column-gap-default\">\n\t\t\t\t\t<div class=\"elementor-column elementor-col-100 elementor-top-column elementor-element elementor-element-6de4cfa\" data-id=\"6de4cfa\" data-element_type=\"column\" data-e-type=\"column\" data-settings=\"{&quot;background_background&quot;:&quot;classic&quot;}\">\n\t\t\t<div class=\"elementor-widget-wrap elementor-element-populated\">\n\t\t\t\t\t\t<div class=\"elementor-element elementor-element-4640b81 elementor-drop-cap-yes elementor-drop-cap-view-stacked elementor-widget elementor-widget-text-editor\" data-id=\"4640b81\" data-element_type=\"widget\" data-e-type=\"widget\" data-settings=\"{&quot;drop_cap&quot;:&quot;yes&quot;}\" data-widget_type=\"text-editor.default\">\n\t\t\t\t\t\t\t\t\t<p>A Budapest-Belv\u00e1rosi <strong>Szent Anna<\/strong> (Szervita) r\u00f3mai katolikus templomot a XVIII. Sz\u00e1zadban \u00e9p\u00edtett\u00e9k (1725 \u00e9s 1732 k\u00f6z\u00f6tt). L\u00e9nyeg\u00e9ben barokk st\u00edlus\u00fa, \u00e9s sokak szerint Budapest egyik legszebb, leggazdagabban aranyozott temploma. Bels\u0151 berendez\u00e9se is k\u00e9s\u0151 barokk, a templom m\u00e9retei- ar\u00e1nyai egyed\u00fcl\u00e1ll\u00f3an kiv\u00e1l\u00f3 akusztik\u00e1j\u00fav\u00e1 teszik.<\/p><p>\u00a0<\/p><p>A templom t\u00f6rt\u00e9nete visszany\u00falik Pest v\u00e1ros t\u00f6r\u00f6k uralom al\u00f3li 1686-os felszabadul\u00e1s\u00e1ig. Ebben az \u00e9vben a Szervita Szerzetesi Rend (M\u00e1ria Szolg\u00e1i, azaz Servi di Maria) enged\u00e9lyt kapott, hogy templomot \u00e9s rendh\u00e1zat \u00e9p\u00edtsen azon a telken, ahol addig egy t\u00f6r\u00f6k mecset \u00e1llt. A templomot \u00e9s a kolostort 1732-ben fejezt\u00e9k be. M\u00e1ig csak a templom \u00e9p\u00fclete maradt fenn.<\/p><p>\u00a0<\/p><p>Sajnos a kolostor \u00e9s a hozz\u00e1 kapcsol\u00f3d\u00f3 b\u00e9rh\u00e1z s\u00falyos k\u00e1rokat szenvedett a m\u00e1sodik vil\u00e1gh\u00e1bor\u00fa bomb\u00e1z\u00e1sai miatt, 1944 tel\u00e9n bombatal\u00e1lat \u00e9rte. Az \u00e9p\u00fcletegy\u00fcttes jelent\u0151s r\u00e9sze leomlott, \u00e9s nem \u00e1ll\u00edtott\u00e1k helyre, hanem a kommunista rezsim alatt, 1964-ben lebontott\u00e1k.<\/p><p>\u00a0<\/p><p>Ezt k\u00f6vet\u0151en egy \u00fcveg\u2013beton\u2013alum\u00ednium k\u00f6zponti posta palota ker\u00fclt arra a helyre, ahol kor\u00e1bban a kolostor \u00e9p\u00fcletegy\u00fcttese \u00e1llt. A kev\u00e9ss\u00e9 szerencs\u00e9s megold\u00e1s vizu\u00e1lisan \u00e9s t\u00e9nylegesen is beszor\u00edtotta a templomot, k\u00fcl\u00f6n\u00f6sen a sekrestye \u00e9s a szent\u00e9ly fel\u0151l. Az egykori posta palota hely\u00e9n 2020-ban \u00faj \u00e9p\u00fclet, az Emerald Residence hotel \u00e9s lak\u00f3komplexum \u00e9p\u00fclt.<\/p><p>\u00a0<\/p><p>A homlokzatot 1871-ben \u00e1talak\u00edtott\u00e1k, a tornyot pedig egy emelettel megmagas\u00edtott\u00e1k.<\/p><p>\u00a0<\/p><p>A bels\u0151 fel\u00faj\u00edt\u00e1s mintegy 25 \u00e9vvel ezel\u0151tt befejez\u0151d\u00f6tt. A nagy olt\u00e1rk\u00e9p a f\u0151olt\u00e1r f\u00f6l\u00f6tt Szent Ann\u00e1t \u00e1br\u00e1zolja a gyermek Sz\u0171z M\u00e1ri\u00e1val \u00e9s Szent Joakimmal. Szent Anna a templom v\u00e9d\u0151szentje.<\/p><p>\u00a0<\/p><p>A templom homlokzat\u00e1t v\u00e9g\u00fcl siker\u00fclt fel\u00faj\u00edtani, &#8211; f\u0151v\u00e1rosi, f\u0151egyh\u00e1zmegyei \u00e9s ker\u00fcleti forr\u00e1sokb\u00f3l &#8211; 2014. december 21-\u00e9n \u00fcnnep\u00e9lyes keretek k\u00f6z\u00f6tt Dr. Erd\u0151 P\u00e9ter b\u00edboros, Esztergom- Budapest F\u0151egyh\u00e1zmegye \u00e9rseke \u00e1ldotta meg.<\/p><p>\u00a0<\/p><p>Figyelemre m\u00e9lt\u00f3 a v\u00e1laszt\u00e9kosan kidolgozott sz\u00f3sz\u00e9k a n\u00e9gy evang\u00e9list\u00e1val: M\u00e1t\u00e9, M\u00e1rk, Luk\u00e1cs \u00e9s J\u00e1nos aranyozott alakjaival. A templombels\u0151 t\u00f6bb r\u00e9szlete is utal a Szervita Rend hagyom\u00e1nyaira melynek papjai a rend 1948-as feloszlat\u00e1sa ellen\u00e9re 1960-ig ell\u00e1tt\u00e1k a szolg\u00e1latukat. A f\u0151olt\u00e1rt\u00f3l jobbra a templomhaj\u00f3ban l\u00e1that\u00f3 a Szervita Rend h\u00e9t szent alap\u00edt\u00f3j\u00e1t \u00e1br\u00e1zol\u00f3 festm\u00e9ny, ugyanezen az oldalon Szent Peregrin dior\u00e1m\u00e1ja, aki a fek\u00e9lyes \u00e9s daganatos betegek v\u00e9d\u0151szentje.<\/p><p>\u00a0<\/p><p>K\u00fcl\u00f6nleges m\u00e9g a f\u00e1jdalmas Sz\u0171z M\u00e1ria h\u00e9t st\u00e1ci\u00f3ja. K\u00f6zvetlen\u00fcl az orgona-karzat felett l\u00e1that\u00f3 egy egyed\u00fcl\u00e1ll\u00f3 fresk\u00f3, melyen Szent Istv\u00e1n kir\u00e1lyunk felaj\u00e1nlja a Szentkoron\u00e1t Nagyasszonyunknak, Sz\u0171z M\u00e1ri\u00e1nak. Kiemelked\u0151en \u00e9rt\u00e9kesek az aranyozott faragott fa szobrok, melyek a f\u0151olt\u00e1r mellett helyezkednek el: Szent Istv\u00e1n kir\u00e1ly, Magyarorsz\u00e1g f\u0151 v\u00e9d\u0151szentje, a magyar \u00e1llam alap\u00edt\u00f3ja (998-1038), Szent L\u00e1szl\u00f3 kir\u00e1ly (1046-1095), Keresztel\u0151 Szent J\u00e1nos, \u00e9s Sz\u0171z M\u00e1ria jegyese Szent J\u00f3zsef, aki az egyetemes Egyh\u00e1z f\u0151 v\u00e9d\u0151szentje.<\/p><p>\u00a0<\/p><p>A templomhaj\u00f3 bal oldal\u00e1n, k\u00f6zel a f\u0151olt\u00e1rhoz egy nagym\u00e9ret\u0171 festm\u00e9ny Rafael arkangyalt \u00e1br\u00e1zolja, aki a fiatal T\u00f3bi\u00e1st k\u00eds\u00e9ri az \u00faton, amely \u00e9lethivat\u00e1s\u00e1hoz \u00e9s egy szent h\u00e1zass\u00e1ghoz vezet (v\u00f6. \u00d3sz\u00f6vets\u00e9g: T\u00f3bi\u00e1s k\u00f6nyve). Szint\u00e9n a templomhaj\u00f3 bal oldal\u00e1n l\u00e1that\u00f3 a F\u00e1jdalmas Sz\u0171zanya dior\u00e1m\u00e1ja, az ismert Pieta szobor.<\/p><p>\u00a0<\/p><p>A h\u00edvek majd h\u00e1rom \u00e9vsz\u00e1zadig zar\u00e1ndokoltak az eg\u00e9sz orsz\u00e1g ter\u00fclet\u00e9r\u0151l a b\u00facs\u00fanapokra: j\u00falius 26-ra, Szent Anna napj\u00e1ra \u00e9s a F\u00e1jdalmas Anya napj\u00e1ra szeptember 15-re. A templom nem csak a b\u00facs\u00fanapokon telt meg, hanem mindig igen l\u00e1togatott volt, \u00e9s ez \u00e9rdekl\u0151d\u00e9s a mai napig sem sz\u0171nt meg.<\/p>\t\t\t\t\t\t\t\t<\/div>\n\t\t\t\t\t<\/div>\n\t\t<\/div>\n\t\t\t\t\t<\/div>\n\t\t<\/section>\n\t\t\t\t<section class=\"elementor-section elementor-top-section elementor-element elementor-element-49956b95 elementor-section-content-middle elementor-section-boxed elementor-section-height-default elementor-section-height-default\" data-id=\"49956b95\" data-element_type=\"section\" data-e-type=\"section\" data-settings=\"{&quot;background_background&quot;:&quot;classic&quot;}\">\n\t\t\t\t\t\t<div class=\"elementor-container elementor-column-gap-default\">\n\t\t\t\t\t<div class=\"elementor-column elementor-col-100 elementor-top-column elementor-element elementor-element-650885dd\" data-id=\"650885dd\" data-element_type=\"column\" data-e-type=\"column\" data-settings=\"{&quot;background_background&quot;:&quot;classic&quot;}\">\n\t\t\t<div class=\"elementor-widget-wrap elementor-element-populated\">\n\t\t\t\t\t\t<div class=\"elementor-element elementor-element-2144d15 elementor-button-warning elementor-align-center elementor-widget elementor-widget-button\" data-id=\"2144d15\" data-element_type=\"widget\" data-e-type=\"widget\" data-widget_type=\"button.default\">\n\t\t\t\t\t\t\t\t\t\t<a class=\"elementor-button elementor-button-link elementor-size-sm\" href=\"https:\/\/szentanna5.hu\/wp\/\">\n\t\t\t\t\t\t<span class=\"elementor-button-content-wrapper\">\n\t\t\t\t\t\t\t\t\t<span class=\"elementor-button-text\">Kezd\u0151lap<\/span>\n\t\t\t\t\t<\/span>\n\t\t\t\t\t<\/a>\n\t\t\t\t\t\t\t\t<\/div>\n\t\t\t\t\t<\/div>\n\t\t<\/div>\n\t\t\t\t\t<\/div>\n\t\t<\/section>\n\t\t\t\t<\/div>\n\t\t","protected":false},"excerpt":{"rendered":"<p>Templom t\u00f6rt\u00e9net A Budapest-Belv\u00e1rosi Szent Anna (Szervita) r\u00f3mai katolikus templomot a XVIII. Sz\u00e1zadban \u00e9p\u00edtett\u00e9k (1725 \u00e9s 1732 k\u00f6z\u00f6tt). L\u00e9nyeg\u00e9ben barokk st\u00edlus\u00fa, \u00e9s sokak szerint Budapest egyik legszebb, leggazdagabban aranyozott temploma. Bels\u0151 berendez\u00e9se is k\u00e9s\u0151 barokk, a templom m\u00e9retei- ar\u00e1nyai egyed\u00fcl\u00e1ll\u00f3an kiv\u00e1l\u00f3 akusztik\u00e1j\u00fav\u00e1 teszik. \u00a0 A templom t\u00f6rt\u00e9nete visszany\u00falik Pest v\u00e1ros t\u00f6r\u00f6k uralom al\u00f3li 1686-os felszabadul\u00e1s\u00e1ig.&hellip;<\/p>\n<p class=\"more-link\"><a href=\"https:\/\/szentanna5.hu\/wp\/?page_id=2448\" class=\"themebutton\">Read More<\/a><\/p>\n","protected":false},"author":1,"featured_media":0,"parent":0,"menu_order":0,"comment_status":"closed","ping_status":"closed","template":"elementor_canvas","meta":{"footnotes":""},"class_list":["post-2448","page","type-page","status-publish","hentry"],"_links":{"self":[{"href":"https:\/\/szentanna5.hu\/wp\/index.php?rest_route=\/wp\/v2\/pages\/2448","targetHints":{"allow":["GET"]}}],"collection":[{"href":"https:\/\/szentanna5.hu\/wp\/index.php?rest_route=\/wp\/v2\/pages"}],"about":[{"href":"https:\/\/szentanna5.hu\/wp\/index.php?rest_route=\/wp\/v2\/types\/page"}],"author":[{"embeddable":true,"href":"https:\/\/szentanna5.hu\/wp\/index.php?rest_route=\/wp\/v2\/users\/1"}],"replies":[{"embeddable":true,"href":"https:\/\/szentanna5.hu\/wp\/index.php?rest_route=%2Fwp%2Fv2%2Fcomments&post=2448"}],"version-history":[{"count":25,"href":"https:\/\/szentanna5.hu\/wp\/index.php?rest_route=\/wp\/v2\/pages\/2448\/revisions"}],"predecessor-version":[{"id":4787,"href":"https:\/\/szentanna5.hu\/wp\/index.php?rest_route=\/wp\/v2\/pages\/2448\/revisions\/4787"}],"wp:attachment":[{"href":"https:\/\/szentanna5.hu\/wp\/index.php?rest_route=%2Fwp%2Fv2%2Fmedia&parent=2448"}],"curies":[{"name":"wp","href":"https:\/\/api.w.org\/{rel}","templated":true}]}}